{"id":696,"date":"2024-08-27T13:59:49","date_gmt":"2024-08-27T11:59:49","guid":{"rendered":"http:\/\/stg.cooperativakaiku.es\/gure-historia-xehetasunetan\/"},"modified":"2025-11-20T13:00:45","modified_gmt":"2025-11-20T12:00:45","slug":"gure-historia-xehetasunetan","status":"publish","type":"page","link":"https:\/\/cooperativakaiku.es\/eu\/gure-historia-xehetasunetan\/","title":{"rendered":"Gure Historia Xehetasunetan"},"content":{"rendered":"<p>[et_pb_section fb_built=&#8221;1&#8243; specialty=&#8221;on&#8221; admin_label=&#8221;Hero&#8221; _builder_version=&#8221;4.27.0&#8243; _module_preset=&#8221;default&#8221; locked=&#8221;off&#8221; collapsed=&#8221;on&#8221; global_colors_info=&#8221;{}&#8221;][et_pb_column type=&#8221;2_3&#8243; specialty_columns=&#8221;2&#8243; _builder_version=&#8221;4.16&#8243; _module_preset=&#8221;default&#8221; custom_padding=&#8221;|||&#8221; global_colors_info=&#8221;{}&#8221; custom_padding__hover=&#8221;|||&#8221;][et_pb_row_inner _builder_version=&#8221;4.27.0&#8243; _module_preset=&#8221;default&#8221; global_colors_info=&#8221;{}&#8221;][et_pb_column_inner saved_specialty_column_type=&#8221;2_3&#8243; _builder_version=&#8221;4.27.0&#8243; _module_preset=&#8221;73121f80-a3ef-4484-8763-c3f18e3c56d2&#8243; global_colors_info=&#8221;{}&#8221;][et_pb_heading title=&#8221;Kaiku Kooperatiba. 1953tik, etorkizunerako proiektu bat &#8221; _builder_version=&#8221;4.24.3&#8243; _module_preset=&#8221;ddeb8c09-9078-4424-bc15-2efb6572e28e&#8221; title_font=&#8221;Poppins|Poppins_weight|||||||&#8221; title_text_color=&#8221;#111111&#8243; title_font_size=&#8221;72px&#8221; title_line_height=&#8221;1.15em&#8221; title_font_size_tablet=&#8221;40px&#8221; title_font_size_phone=&#8221;24px&#8221; title_font_size_last_edited=&#8221;on|phone&#8221; locked=&#8221;off&#8221; global_colors_info=&#8221;{}&#8221;][\/et_pb_heading][et_pb_text _builder_version=&#8221;4.27.0&#8243; _module_preset=&#8221;default&#8221; header_3_text_color=&#8221;#0071BC&#8221; custom_margin=&#8221;||0px||false|false&#8221; custom_padding=&#8221;||||false|false&#8221; locked=&#8221;off&#8221; global_colors_info=&#8221;{}&#8221;]<\/p>\n<h3>KOOPERATIBEN ETA ESNEKI ZENTROEN JATORRIA<\/h3>\n<p>[\/et_pb_text][et_pb_text _builder_version=&#8221;4.27.0&#8243; _module_preset=&#8221;2c55a9c4-feed-423b-9edb-ae0b5b365cac&#8221; quote_text_color=&#8221;#111111&#8243; header_text_color=&#8221;#111111&#8243; header_2_text_color=&#8221;#111111&#8243; header_3_text_color=&#8221;#111111&#8243; header_4_text_color=&#8221;#111111&#8243; header_5_text_color=&#8221;#111111&#8243; header_6_text_color=&#8221;#111111&#8243; locked=&#8221;off&#8221; global_colors_info=&#8221;{}&#8221;]<\/p>\n<p><strong>1952. urteak, 25.000 biztanle baino gehiagoko udalerrietan esne-ustiategiak sortzeari buruzko apirilaren 18ko Dekretuak, esne-ustiategien sektorearen eta esne-industriaren etorkizuna markatu zuen. Helburuak: <\/strong><\/p>\n<p>[\/et_pb_text][et_pb_text _builder_version=&#8221;4.27.0&#8243; _module_preset=&#8221;2c55a9c4-feed-423b-9edb-ae0b5b365cac&#8221; ul_line_height=&#8221;1.6em&#8221; locked=&#8221;off&#8221; global_colors_info=&#8221;{}&#8221;]<\/p>\n<ul>\n<li>Tokiko kontsumorako zuzendutako esne guztia zentralizatu eta hautatzeko iragazki sanitario gisa jardun.<\/li>\n<li>Hornidura urte osoan bermatzea.<\/li>\n<li>Kontsumitzaileari higiene-bermeak dituen esne garbi eta seguruaren hornidura erregularra bermatzea.<\/li>\n<li>Prezioak arautu, esnearen kalitatean eragina duten faktore guztiak hobetu eta haren ekoizpena eta kontsumoa suspertu.<\/li>\n<\/ul>\n<p>[\/et_pb_text][\/et_pb_column_inner][\/et_pb_row_inner][\/et_pb_column][et_pb_column type=&#8221;1_3&#8243; _builder_version=&#8221;4.16&#8243; _module_preset=&#8221;73121f80-a3ef-4484-8763-c3f18e3c56d2&#8243; custom_padding=&#8221;|||&#8221; global_colors_info=&#8221;{}&#8221; custom_padding__hover=&#8221;|||&#8221;][et_pb_image src=&#8221;https:\/\/cooperativakaiku.es\/wp-content\/uploads\/2024\/08\/origen-cooperativa.jpg&#8221; alt=&#8221;Kaiku Kooperatiba Elkartea eratzen duen Batzarra&#8221; title_text=&#8221;jatorri-kooperatiba&#8221; _builder_version=&#8221;4.27.0&#8243; _module_preset=&#8221;1cc6152f-565c-4c4d-b0c9-cf8c9576c341&#8243; custom_margin_tablet=&#8221;|0vw|||false|false&#8221; custom_margin_phone=&#8221;|0vw|||false|false&#8221; custom_margin_last_edited=&#8221;on|tablet&#8221; border_radii=&#8221;on|6px|6px|6px|6px&#8221; box_shadow_style=&#8221;preset4&#8243; box_shadow_horizontal=&#8221;0px&#8221; box_shadow_vertical=&#8221;24px&#8221; box_shadow_blur=&#8221;72px&#8221; box_shadow_spread=&#8221;-12px&#8221; box_shadow_color=&#8221;rgba(0,0,0,0.12)&#8221; locked=&#8221;off&#8221; global_colors_info=&#8221;{}&#8221;][\/et_pb_image][\/et_pb_column][\/et_pb_section][et_pb_section fb_built=&#8221;1&#8243; admin_label=&#8221;Text&#8221; _builder_version=&#8221;4.27.0&#8243; _module_preset=&#8221;default&#8221; use_background_color_gradient=&#8221;on&#8221; background_color_gradient_stops=&#8221;rgba(0,0,0,0.5) 0%|rgba(0,0,0,0.75) 100%&#8221; background_color_gradient_overlays_image=&#8221;on&#8221; background_color_gradient_start=&#8221;rgba(0,0,0,0.5)&#8221; background_color_gradient_end=&#8221;rgba(0,0,0,0.75)&#8221; background_image=&#8221;https:\/\/cooperativakaiku.es\/wp-content\/uploads\/2024\/08\/constitucion-cooperativa.jpg&#8221; parallax=&#8221;on&#8221; custom_padding=&#8221;8%||8%||true|false&#8221; locked=&#8221;off&#8221; collapsed=&#8221;on&#8221; global_colors_info=&#8221;{}&#8221;][et_pb_row custom_padding_last_edited=&#8221;on|desktop&#8221; _builder_version=&#8221;4.25.0&#8243; _module_preset=&#8221;5138c454-be54-4233-bd3b-f8e6a8747976&#8243; background_color=&#8221;#FFFFFF&#8221; custom_padding=&#8221;60px|60px|60px|60px|true|true&#8221; custom_padding_tablet=&#8221;30px|30px|30px|30px|true|true&#8221; custom_padding_phone=&#8221;20px|20px|20px|20px|true|true&#8221; border_radii=&#8221;on|6px|6px|6px|6px&#8221; box_shadow_style=&#8221;preset1&#8243; box_shadow_vertical=&#8221;24px&#8221; box_shadow_blur=&#8221;72px&#8221; box_shadow_spread=&#8221;-12px&#8221; box_shadow_color=&#8221;rgba(0,0,0,0.12)&#8221; locked=&#8221;off&#8221; global_colors_info=&#8221;{%22gcid-7cadd8b3-5228-48e4-90c4-212d09232f7b%22:%91%22color%22,%22color%22%93,%22gcid-36fd78a7-34bc-404d-873c-dafa34efaae5%22:%91%22color%22,%22icon_color%22,%22icon_color%22%93}&#8221;][et_pb_column type=&#8221;4_4&#8243; _builder_version=&#8221;4.16&#8243; _module_preset=&#8221;73121f80-a3ef-4484-8763-c3f18e3c56d2&#8243; global_colors_info=&#8221;{}&#8221;][et_pb_heading title=&#8221;Esne-ekoizleen kooperatiben sorrera&#8221; _builder_version=&#8221;4.27.0&#8243; _module_preset=&#8221;c33f07d9-41e0-421a-8799-5799df695cce&#8221; title_font=&#8221;Poppins|Poppins_weight|||||||&#8221; title_text_color=&#8221;#333333&#8243; title_line_height=&#8221;1.2em&#8221; custom_margin=&#8221;||10px||false|false&#8221; title_font_size_tablet=&#8221;28px&#8221; title_font_size_phone=&#8221;20px&#8221; title_font_size_last_edited=&#8221;on|phone&#8221; locked=&#8221;off&#8221; global_colors_info=&#8221;{%22#333333%22:%91%22title_text_color%22,%22title_text_color%22%93}&#8221;][\/et_pb_heading][et_pb_text _builder_version=&#8221;4.27.0&#8243; _module_preset=&#8221;2c55a9c4-feed-423b-9edb-ae0b5b365cac&#8221; locked=&#8221;off&#8221; global_colors_info=&#8221;{%22#579ada%22:%91%22link_text_color%22%93,%22#333333%22:%91%22header_text_color%22,%22header_4_text_color%22,%22header_3_text_color%22,%22header_2_text_color%22,%22header_5_text_color%22,%22header_6_text_color%22,%22quote_text_color%22%93,%22#333333%22:%91%22text_text_color%22%93,%22#579ada%22:%91%22quote_border_color%22%93,%22gcid-36fd78a7-34bc-404d-873c-dafa34efaae5%22:%91%22icon_color%22,%22icon_color%22%93}&#8221; body_font_size_tablet=&#8221;15px&#8221; body_font_size_phone=&#8221;14px&#8221; body_font_size_last_edited=&#8221;on|desktop&#8221;]<\/p>\n<p>1953ko otsailaren 7an Iru\u00f1ean, martxoaren 1ean Bilbon eta abenduaren 29an Donostian, esnea elkarrekin saltzeko asmoz, honako hauek sortu ziren aurretiazko moduan: \u201cNafarroako Esne Ekoizleen Kooperatiba\u201d, \u201cBizkaiko Esne Ekoizleen Kooperatiba\u201d eta \u201cGuip\u00fazcoako Probintziako Esne Ekoizleen Kooperatiba\u201d.<\/p>\n<p>[\/et_pb_text][\/et_pb_column][\/et_pb_row][\/et_pb_section][et_pb_section fb_built=&#8221;1&#8243; admin_label=&#8221;Timeline&#8221; _builder_version=&#8221;4.27.0&#8243; _module_preset=&#8221;default&#8221; custom_padding=&#8221;||0px||false|false&#8221; locked=&#8221;off&#8221; collapsed=&#8221;on&#8221; global_colors_info=&#8221;{}&#8221;][et_pb_row _builder_version=&#8221;4.18.0&#8243; _module_preset=&#8221;5138c454-be54-4233-bd3b-f8e6a8747976&#8243; global_colors_info=&#8221;{}&#8221;][et_pb_column type=&#8221;4_4&#8243; _builder_version=&#8221;4.18.0&#8243; _module_preset=&#8221;73121f80-a3ef-4484-8763-c3f18e3c56d2&#8243; global_colors_info=&#8221;{}&#8221;][et_pb_heading title=&#8221;Esne-zentralen sorrera&#8221; _builder_version=&#8221;4.27.4&#8243; _module_preset=&#8221;c33f07d9-41e0-421a-8799-5799df695cce&#8221; title_font=&#8221;Poppins|Poppins_weight|||||||&#8221; title_text_align=&#8221;center&#8221; title_text_color=&#8221;#111111&#8243; title_line_height=&#8221;1.2em&#8221; custom_margin=&#8221;||10px||false|false&#8221; title_text_align_tablet=&#8221;center&#8221; title_text_align_phone=&#8221;left&#8221; title_text_align_last_edited=&#8221;on|phone&#8221; title_font_size_tablet=&#8221;28px&#8221; title_font_size_phone=&#8221;6vw&#8221; title_font_size_last_edited=&#8221;on|phone&#8221; locked=&#8221;off&#8221; global_colors_info=&#8221;{}&#8221;][\/et_pb_heading][\/et_pb_column][\/et_pb_row][et_pb_row column_structure=&#8221;1_4,1_4,1_2&#8243; _builder_version=&#8221;4.27.0&#8243; _module_preset=&#8221;5138c454-be54-4233-bd3b-f8e6a8747976&#8243; custom_padding=&#8221;0px||||false|false&#8221; border_width_top=&#8221;2px&#8221; border_color_top=&#8221;RGBA(0,0,0,0.08)&#8221; border_width_top_tablet=&#8221;0px&#8221; border_width_top_phone=&#8221;0px&#8221; border_width_top_last_edited=&#8221;on|tablet&#8221; global_colors_info=&#8221;{}&#8221;][et_pb_column type=&#8221;1_4&#8243; _builder_version=&#8221;4.24.0&#8243; _module_preset=&#8221;73121f80-a3ef-4484-8763-c3f18e3c56d2&#8243; global_colors_info=&#8221;{%22gcid-7cadd8b3-5228-48e4-90c4-212d09232f7b%22:%91%22color%22,%22color%22,%22color%22,%22color%22,%22color%22,%22color%22%93,%22gcid-36fd78a7-34bc-404d-873c-dafa34efaae5%22:%91%22color%22,%22color%22,%22background_color%22,%22color%22,%22color%22,%22color%22,%22background_color%22,%22color%22%93}&#8221;][et_pb_divider show_divider=&#8221;off&#8221; _builder_version=&#8221;4.24.0&#8243; _module_preset=&#8221;default&#8221; height=&#8221;100px&#8221; height_tablet=&#8221;8vw&#8221; height_phone=&#8221;8vw&#8221; height_last_edited=&#8221;on|phone&#8221; max_height=&#8221;2px&#8221; custom_margin=&#8221;||10px||false|false&#8221; border_color_all=&#8221;RGBA(0,0,0,0.08)&#8221; border_width_left=&#8221;2px&#8221; border_width_top_tablet=&#8221;2px&#8221; border_width_top_phone=&#8221;2px&#8221; border_width_top_last_edited=&#8221;on|phone&#8221; global_colors_info=&#8221;{}&#8221;][\/et_pb_divider][et_pb_heading title=&#8221;1953&#8243; _builder_version=&#8221;4.24.3&#8243; _module_preset=&#8221;ba4a6336-701f-47b8-bf5c-09da0ce28016&#8243; title_font=&#8221;Poppins|Poppins_weight|||||||&#8221; title_text_color=&#8221;#579ada&#8221; title_line_height=&#8221;1.3em&#8221; custom_margin=&#8221;||10px||false|false&#8221; title_font_size_tablet=&#8221;22px&#8221; title_font_size_phone=&#8221;17px&#8221; title_font_size_last_edited=&#8221;on|phone&#8221; locked=&#8221;off&#8221; global_colors_info=&#8221;{%22#579ada%22:%91%22title_text_color%22%93}&#8221;][\/et_pb_heading][et_pb_text _builder_version=&#8221;4.27.0&#8243; _module_preset=&#8221;2c55a9c4-feed-423b-9edb-ae0b5b365cac&#8221; text_text_color=&#8221;rgba(0,0,0,0.64)&#8221; quote_text_color=&#8221;#111111&#8243; header_text_color=&#8221;#111111&#8243; header_2_text_color=&#8221;#111111&#8243; header_3_text_color=&#8221;#111111&#8243; header_4_text_color=&#8221;#111111&#8243; header_5_text_color=&#8221;#111111&#8243; header_6_text_color=&#8221;#111111&#8243; custom_margin=&#8221;||30px||false|false&#8221; text_orientation_tablet=&#8221;left&#8221; text_orientation_last_edited=&#8221;off|desktop&#8221; locked=&#8221;off&#8221; global_colors_info=&#8221;{}&#8221;]Ebatzi zen lehiaketa eta Bilboko bi esne-zentralek jaso zuten esleipena: Cooperativa de Productores de Leche de Vizcaya (Bizkaiko Esne Ekoizleen Kooperatiba) eta Industrias L\u00e1cteas Vizca\u00ednas SL.[\/et_pb_text][\/et_pb_column][et_pb_column type=&#8221;1_4&#8243; _builder_version=&#8221;4.24.0&#8243; _module_preset=&#8221;73121f80-a3ef-4484-8763-c3f18e3c56d2&#8243; global_colors_info=&#8221;{%22gcid-7cadd8b3-5228-48e4-90c4-212d09232f7b%22:%91%22color%22,%22color%22,%22color%22,%22color%22,%22color%22,%22color%22%93,%22gcid-36fd78a7-34bc-404d-873c-dafa34efaae5%22:%91%22color%22,%22color%22,%22background_color%22,%22color%22,%22color%22,%22color%22,%22background_color%22,%22color%22%93}&#8221;][et_pb_divider show_divider=&#8221;off&#8221; _builder_version=&#8221;4.24.0&#8243; _module_preset=&#8221;default&#8221; height=&#8221;100px&#8221; height_tablet=&#8221;8vw&#8221; height_phone=&#8221;8vw&#8221; height_last_edited=&#8221;on|phone&#8221; max_height=&#8221;2px&#8221; custom_margin=&#8221;||10px||false|false&#8221; border_color_all=&#8221;RGBA(0,0,0,0.08)&#8221; border_width_left=&#8221;2px&#8221; border_width_top_tablet=&#8221;2px&#8221; border_width_top_phone=&#8221;2px&#8221; border_width_top_last_edited=&#8221;on|phone&#8221; global_colors_info=&#8221;{}&#8221;][\/et_pb_divider][et_pb_heading title=&#8221;1954&#8243; _builder_version=&#8221;4.27.0&#8243; _module_preset=&#8221;ba4a6336-701f-47b8-bf5c-09da0ce28016&#8243; title_font=&#8221;Poppins|Poppins_weight|||||||&#8221; title_text_color=&#8221;#579ada&#8221; title_line_height=&#8221;1.3em&#8221; custom_margin=&#8221;||10px||false|false&#8221; title_font_size_tablet=&#8221;22px&#8221; title_font_size_phone=&#8221;17px&#8221; title_font_size_last_edited=&#8221;on|phone&#8221; locked=&#8221;off&#8221; global_colors_info=&#8221;{%22#579ada%22:%91%22title_text_color%22%93}&#8221;][\/et_pb_heading][et_pb_text _builder_version=&#8221;4.27.0&#8243; _module_preset=&#8221;2c55a9c4-feed-423b-9edb-ae0b5b365cac&#8221; text_text_color=&#8221;rgba(0,0,0,0.64)&#8221; quote_text_color=&#8221;#111111&#8243; header_text_color=&#8221;#111111&#8243; header_2_text_color=&#8221;#111111&#8243; header_3_text_color=&#8221;#111111&#8243; header_4_text_color=&#8221;#111111&#8243; header_5_text_color=&#8221;#111111&#8243; header_6_text_color=&#8221;#111111&#8243; custom_margin=&#8221;||30px||false|false&#8221; text_orientation_tablet=&#8221;left&#8221; text_orientation_last_edited=&#8221;off|desktop&#8221; locked=&#8221;off&#8221; global_colors_info=&#8221;{}&#8221;]Iru\u00f1ean, Cooperativa Navarra de Productores de Leche (Esne Ekoizleen Nafarroako Kooperatiba) eta Industrial Lechera Navarra SA sortu ziren.Iru\u00f1ean, \u201cEsne Ekoizleen Nafarroako Kooperatiba\u201d eta \u201cIndustrial Lechera Navarra, SA\u201d.[\/et_pb_text][\/et_pb_column][et_pb_column type=&#8221;1_2&#8243; _builder_version=&#8221;4.24.0&#8243; _module_preset=&#8221;73121f80-a3ef-4484-8763-c3f18e3c56d2&#8243; global_colors_info=&#8221;{%22gcid-7cadd8b3-5228-48e4-90c4-212d09232f7b%22:%91%22color%22,%22color%22,%22color%22,%22color%22,%22color%22,%22color%22%93,%22gcid-36fd78a7-34bc-404d-873c-dafa34efaae5%22:%91%22color%22,%22color%22,%22background_color%22,%22color%22,%22color%22,%22color%22,%22background_color%22,%22color%22%93}&#8221;][et_pb_divider show_divider=&#8221;off&#8221; _builder_version=&#8221;4.24.0&#8243; _module_preset=&#8221;default&#8221; height=&#8221;100px&#8221; height_tablet=&#8221;8vw&#8221; height_phone=&#8221;8vw&#8221; height_last_edited=&#8221;on|phone&#8221; max_height=&#8221;2px&#8221; custom_margin=&#8221;||10px||false|false&#8221; border_color_all=&#8221;RGBA(0,0,0,0.08)&#8221; border_width_left=&#8221;2px&#8221; border_width_top_tablet=&#8221;2px&#8221; border_width_top_phone=&#8221;2px&#8221; border_width_top_last_edited=&#8221;on|phone&#8221; global_colors_info=&#8221;{}&#8221;][\/et_pb_divider][et_pb_heading title=&#8221;1955&#8243; _builder_version=&#8221;4.27.0&#8243; _module_preset=&#8221;ba4a6336-701f-47b8-bf5c-09da0ce28016&#8243; title_font=&#8221;Poppins|Poppins_weight|||||||&#8221; title_text_color=&#8221;#579ada&#8221; title_line_height=&#8221;1.3em&#8221; custom_margin=&#8221;||10px||false|false&#8221; title_font_size_tablet=&#8221;22px&#8221; title_font_size_phone=&#8221;17px&#8221; title_font_size_last_edited=&#8221;on|phone&#8221; locked=&#8221;off&#8221; global_colors_info=&#8221;{%22#579ada%22:%91%22title_text_color%22%93}&#8221;][\/et_pb_heading][et_pb_text _builder_version=&#8221;4.27.0&#8243; _module_preset=&#8221;2c55a9c4-feed-423b-9edb-ae0b5b365cac&#8221; text_text_color=&#8221;rgba(0,0,0,0.64)&#8221; quote_text_color=&#8221;#111111&#8243; header_text_color=&#8221;#111111&#8243; header_2_text_color=&#8221;#111111&#8243; header_3_text_color=&#8221;#111111&#8243; header_4_text_color=&#8221;#111111&#8243; header_5_text_color=&#8221;#111111&#8243; header_6_text_color=&#8221;#111111&#8243; custom_margin=&#8221;||30px||false|false&#8221; text_orientation_tablet=&#8221;left&#8221; text_orientation_last_edited=&#8221;off|desktop&#8221; locked=&#8221;off&#8221; global_colors_info=&#8221;{}&#8221;]<\/p>\n<p><span>Zentral bat Gasteizen eta Donostian bi: Sociedad de Estudios de Industrias L\u00e1cteas Guipuzcoanas (Gipuzkoako Esne Industriak Aztertzeko Elkartea) eta Cooperativa Provincial de Productores de Leche de Guip\u00fazcoa (Gipuzkoako Esne Ekoizleen Kooperatiba); erakunde bakarrean elkartu ziren ondoren biak: Centrales Lecheras Reunidas de Gipuzkoa SA.<\/span><\/p>\n<p>[\/et_pb_text][\/et_pb_column][\/et_pb_row][\/et_pb_section][et_pb_section fb_built=&#8221;1&#8243; _builder_version=&#8221;4.27.0&#8243; _module_preset=&#8221;default&#8221; custom_padding=&#8221;0px||0px||true|false&#8221; locked=&#8221;off&#8221; collapsed=&#8221;on&#8221; global_colors_info=&#8221;{}&#8221;][et_pb_row column_structure=&#8221;1_3,2_3&#8243; use_custom_gutter=&#8221;on&#8221; gutter_width=&#8221;2&#8243; make_equal=&#8221;on&#8221; _builder_version=&#8221;4.27.0&#8243; _module_preset=&#8221;default&#8221; global_colors_info=&#8221;{}&#8221;][et_pb_column type=&#8221;1_3&#8243; _builder_version=&#8221;4.27.0&#8243; _module_preset=&#8221;default&#8221; background_image=&#8221;https:\/\/cooperativakaiku.es\/wp-content\/uploads\/2024\/08\/laboratorio-kaiku.jpg&#8221; global_colors_info=&#8221;{}&#8221;][\/et_pb_column][et_pb_column type=&#8221;2_3&#8243; _builder_version=&#8221;4.27.0&#8243; _module_preset=&#8221;default&#8221; global_colors_info=&#8221;{}&#8221;][et_pb_image src=&#8221;https:\/\/cooperativakaiku.es\/wp-content\/uploads\/2024\/08\/exterior-central-lechera.jpg&#8221; alt=&#8221;kanpoko-erdiko-esnekiak&#8221; title_text=&#8221;kanpoko-erdiko-esnekiak&#8221; _builder_version=&#8221;4.27.0&#8243; _module_preset=&#8221;default&#8221; locked=&#8221;off&#8221; global_colors_info=&#8221;{}&#8221;][\/et_pb_image][\/et_pb_column][\/et_pb_row][\/et_pb_section][et_pb_section fb_built=&#8221;1&#8243; custom_padding_last_edited=&#8221;on|phone&#8221; admin_label=&#8221;Features&#8221; _builder_version=&#8221;4.27.4&#8243; _module_preset=&#8221;default&#8221; custom_padding=&#8221;||200px||false|false&#8221; custom_padding_tablet=&#8221;||200px||false|false&#8221; custom_padding_phone=&#8221;||100px||false|false&#8221; locked=&#8221;off&#8221; collapsed=&#8221;on&#8221; global_colors_info=&#8221;{}&#8221;][et_pb_row column_structure=&#8221;3_5,2_5&#8243; make_equal=&#8221;on&#8221; _builder_version=&#8221;4.25.1&#8243; _module_preset=&#8221;5138c454-be54-4233-bd3b-f8e6a8747976&#8243; custom_margin=&#8221;||2rem||false|false&#8221; locked=&#8221;off&#8221; global_colors_info=&#8221;{}&#8221;][et_pb_column type=&#8221;3_5&#8243; _builder_version=&#8221;4.18.0&#8243; _module_preset=&#8221;73121f80-a3ef-4484-8763-c3f18e3c56d2&#8243; global_colors_info=&#8221;{}&#8221;][et_pb_heading title=&#8221;Esnearen kontsumoa eta abeltzaintzaren garapena&#8221; _builder_version=&#8221;4.27.4&#8243; _module_preset=&#8221;c33f07d9-41e0-421a-8799-5799df695cce&#8221; title_font=&#8221;Poppins|Poppins_weight|||||||&#8221; title_text_align=&#8221;left&#8221; title_text_color=&#8221;#111111&#8243; title_line_height=&#8221;1.2em&#8221; custom_margin=&#8221;||10px||false|false&#8221; hover_enabled=&#8221;0&#8243; title_text_align_tablet=&#8221;left&#8221; title_text_align_phone=&#8221;left&#8221; title_text_align_last_edited=&#8221;on|desktop&#8221; title_font_size_tablet=&#8221;28px&#8221; title_font_size_phone=&#8221;6vw&#8221; title_font_size_last_edited=&#8221;on|phone&#8221; locked=&#8221;off&#8221; global_colors_info=&#8221;{}&#8221; sticky_enabled=&#8221;0&#8243;][\/et_pb_heading][et_pb_text _builder_version=&#8221;4.27.0&#8243; _module_preset=&#8221;2c55a9c4-feed-423b-9edb-ae0b5b365cac&#8221; ul_line_height=&#8221;1.6em&#8221; locked=&#8221;off&#8221; global_colors_info=&#8221;{}&#8221;]<\/p>\n<p>Esneak oinarrizko elikagai gisa duen garrantzia agerian jarri zuen UNICEF erakundeak haurrentzako esnekiak egiteko industria bat sustatu zuenean, esne-hautsaren inportazio eta dohaintza amerikarrak alde batera utzita. Hala, 1957an, Gurelesari eta Inlenari esleitu zizkieten esne-hautsa egiteko instalazioak. <\/p>\n<p>Kooperatibek esne-ekarpenen irabazkina ematen zieten abeltzainei, hobekuntzak egiteko eta ganadua erosteko laguntza-kredituak ematen zituzten eta pentsua ahalik eta baldintza onenetan jartzen zieten eskuragarri, ekoizpen ekonomikoa sustatzeko. Zerbitzu horiek kooperatibaren izaera sozialaren eta abeltzainekin duten loturaren araberakoak dira.<\/p>\n<p>Gainera, esnearen salmentatik lortutako diru-sarrerak lehen aldiz diru-sarrera finko bat dira, nekazariek gehien baloratzen duten zerbait: \u201cEsnea hileko soldata zen, hilaren amaierako soldata bat bezala\u201d.<\/p>\n<p>[\/et_pb_text][\/et_pb_column][et_pb_column type=&#8221;2_5&#8243; _builder_version=&#8221;4.25.1&#8243; _module_preset=&#8221;92716280-2ae8-4a3a-8254-2d5a51101853&#8243; background_enable_color=&#8221;off&#8221; custom_padding=&#8221;||||true|true&#8221; custom_padding_tablet=&#8221;30px|30px|30px|30px|true|true&#8221; custom_padding_phone=&#8221;20px|20px|20px|20px|true|true&#8221; custom_padding_last_edited=&#8221;on|desktop&#8221; animation_style=&#8221;slide&#8221; animation_direction=&#8221;right&#8221; global_colors_info=&#8221;{}&#8221;][et_pb_image src=&#8221;https:\/\/cooperativakaiku.es\/wp-content\/uploads\/2024\/08\/interior-central.jpg&#8221; alt=&#8221;barnealde-zentrala&#8221; title_text=&#8221;barnealde-zentrala&#8221; force_fullwidth=&#8221;on&#8221; _builder_version=&#8221;4.27.4&#8243; _module_preset=&#8221;default&#8221; custom_margin=&#8221;||||false|false&#8221; custom_padding_tablet=&#8221;&#8221; custom_padding_phone=&#8221;&#8221; custom_padding_last_edited=&#8221;on|phone&#8221; global_colors_info=&#8221;{}&#8221;][\/et_pb_image][\/et_pb_column][\/et_pb_row][et_pb_row column_structure=&#8221;1_3,2_3&#8243; make_equal=&#8221;on&#8221; _builder_version=&#8221;4.27.0&#8243; _module_preset=&#8221;5138c454-be54-4233-bd3b-f8e6a8747976&#8243; custom_margin=&#8221;||2rem||false|false&#8221; locked=&#8221;off&#8221; global_colors_info=&#8221;{}&#8221;][et_pb_column type=&#8221;1_3&#8243; _builder_version=&#8221;4.18.0&#8243; _module_preset=&#8221;73121f80-a3ef-4484-8763-c3f18e3c56d2&#8243; global_colors_info=&#8221;{}&#8221;][et_pb_image src=&#8221;https:\/\/cooperativakaiku.es\/wp-content\/uploads\/2024\/08\/interior-central-2.jpg&#8221; alt=&#8221;Esnearen kalitatearen kontrola&#8221; title_text=&#8221;barnealdea-zentrala-2&#8243; force_fullwidth=&#8221;on&#8221; _builder_version=&#8221;4.27.0&#8243; _module_preset=&#8221;default&#8221; animation_style=&#8221;slide&#8221; animation_direction=&#8221;left&#8221; global_colors_info=&#8221;{}&#8221;][\/et_pb_image][\/et_pb_column][et_pb_column type=&#8221;2_3&#8243; _builder_version=&#8221;4.25.0&#8243; _module_preset=&#8221;92716280-2ae8-4a3a-8254-2d5a51101853&#8243; background_enable_color=&#8221;off&#8221; custom_padding=&#8221;||||true|true&#8221; custom_padding_tablet=&#8221;30px|30px|30px|30px|true|true&#8221; custom_padding_phone=&#8221;20px|20px|20px|20px|true|true&#8221; custom_padding_last_edited=&#8221;on|desktop&#8221; global_colors_info=&#8221;{}&#8221;][et_pb_text _builder_version=&#8221;4.27.0&#8243; _module_preset=&#8221;2c55a9c4-feed-423b-9edb-ae0b5b365cac&#8221; ul_line_height=&#8221;1.6em&#8221; locked=&#8221;off&#8221; global_colors_info=&#8221;{}&#8221;]<\/p>\n<p>1980ko hamarkadan, kooperatibek eta erakundeek elkarrekin eginiko ahaleginari esker, hotz-andelak instalatu zituzten eta, haiei esker, nabarmen hobetu zen esnearen kalitatea.<\/p>\n<p>1985ean lortu zen esne guztia jatorrian bertan hotzean edukitzea; gainera, ganadua ere saneatu zuten ia denek. Horri guztiari 80ko hamarkadan egindako ahaleginak gehitu behar zaizkio, besteak beste, ukuiluak eta baserrietarako sarbideak hobetu eta baserriak berritu zituzten. Gainera, elektrizitatea eta edateko ura ekarri zituzten. <\/p>\n<p>[\/et_pb_text][\/et_pb_column][\/et_pb_row][\/et_pb_section][et_pb_section fb_built=&#8221;1&#8243; admin_label=&#8221;Text&#8221; _builder_version=&#8221;4.27.0&#8243; _module_preset=&#8221;default&#8221; use_background_color_gradient=&#8221;on&#8221; background_color_gradient_stops=&#8221;rgba(0,0,0,0.5) 0%|rgba(0,0,0,0.75) 100%&#8221; background_color_gradient_overlays_image=&#8221;on&#8221; background_color_gradient_start=&#8221;rgba(0,0,0,0.5)&#8221; background_color_gradient_end=&#8221;rgba(0,0,0,0.75)&#8221; background_image=&#8221;https:\/\/cooperativakaiku.es\/wp-content\/uploads\/2024\/08\/publicidad-kaiku.jpg&#8221; parallax=&#8221;on&#8221; parallax_method=&#8221;off&#8221; custom_padding=&#8221;8%||8%||true|false&#8221; locked=&#8221;off&#8221; collapsed=&#8221;on&#8221; global_colors_info=&#8221;{}&#8221;][et_pb_row custom_padding_last_edited=&#8221;on|desktop&#8221; _builder_version=&#8221;4.25.0&#8243; _module_preset=&#8221;5138c454-be54-4233-bd3b-f8e6a8747976&#8243; background_color=&#8221;#FFFFFF&#8221; custom_padding=&#8221;60px|60px|60px|60px|true|true&#8221; custom_padding_tablet=&#8221;30px|30px|30px|30px|true|true&#8221; custom_padding_phone=&#8221;20px|20px|20px|20px|true|true&#8221; border_radii=&#8221;on|6px|6px|6px|6px&#8221; box_shadow_style=&#8221;preset1&#8243; box_shadow_vertical=&#8221;24px&#8221; box_shadow_blur=&#8221;72px&#8221; box_shadow_spread=&#8221;-12px&#8221; box_shadow_color=&#8221;rgba(0,0,0,0.12)&#8221; locked=&#8221;off&#8221; global_colors_info=&#8221;{%22gcid-7cadd8b3-5228-48e4-90c4-212d09232f7b%22:%91%22color%22,%22color%22%93,%22gcid-36fd78a7-34bc-404d-873c-dafa34efaae5%22:%91%22color%22,%22icon_color%22,%22icon_color%22%93}&#8221;][et_pb_column type=&#8221;4_4&#8243; _builder_version=&#8221;4.16&#8243; _module_preset=&#8221;73121f80-a3ef-4484-8763-c3f18e3c56d2&#8243; global_colors_info=&#8221;{}&#8221;][et_pb_text _builder_version=&#8221;4.27.0&#8243; _module_preset=&#8221;default&#8221; header_3_text_color=&#8221;#0071BC&#8221; custom_margin=&#8221;||0px||false|false&#8221; locked=&#8221;off&#8221; global_colors_info=&#8221;{}&#8221;]<\/p>\n<h3>INTEGRAZIOA ETA HAZKUNDEA EUROPAKO ESPARRU BERRIAN<\/h3>\n<p>[\/et_pb_text][et_pb_text _builder_version=&#8221;4.27.0&#8243; _module_preset=&#8221;2c55a9c4-feed-423b-9edb-ae0b5b365cac&#8221; ul_line_height=&#8221;1.6em&#8221; locked=&#8221;off&#8221; global_colors_info=&#8221;{}&#8221;]<\/p>\n<p><strong>Denborarekin, Kooperatiben arteko harremana eta ulermena sendotzea espero zen. 1969an, hiru esne-lantegiak integratuko zituen enpresa bat sortzea proposatu zen. Marka komertziala Kaikuren pean bateratu zen.  <\/strong><\/p>\n<p>&nbsp;<\/p>\n<p>[\/et_pb_text][\/et_pb_column][\/et_pb_row][\/et_pb_section][et_pb_section fb_built=&#8221;1&#8243; _builder_version=&#8221;4.27.0&#8243; _module_preset=&#8221;default&#8221; custom_padding=&#8221;24px||24px||true|false&#8221; collapsed=&#8221;on&#8221; global_colors_info=&#8221;{}&#8221;][et_pb_row column_structure=&#8221;1_4,1_4,1_2&#8243; _builder_version=&#8221;4.27.0&#8243; _module_preset=&#8221;5138c454-be54-4233-bd3b-f8e6a8747976&#8243; custom_padding=&#8221;0px||0px||true|false&#8221; border_width_top=&#8221;2px&#8221; border_color_top=&#8221;RGBA(0,0,0,0.08)&#8221; border_width_top_tablet=&#8221;0px&#8221; border_width_top_phone=&#8221;0px&#8221; border_width_top_last_edited=&#8221;on|tablet&#8221; locked=&#8221;off&#8221; global_colors_info=&#8221;{}&#8221;][et_pb_column type=&#8221;1_4&#8243; _builder_version=&#8221;4.24.0&#8243; _module_preset=&#8221;73121f80-a3ef-4484-8763-c3f18e3c56d2&#8243; global_colors_info=&#8221;{%22gcid-7cadd8b3-5228-48e4-90c4-212d09232f7b%22:%91%22color%22,%22color%22,%22color%22,%22color%22,%22color%22,%22color%22%93,%22gcid-36fd78a7-34bc-404d-873c-dafa34efaae5%22:%91%22color%22,%22color%22,%22background_color%22,%22color%22,%22color%22,%22color%22,%22background_color%22,%22color%22%93}&#8221;][et_pb_divider show_divider=&#8221;off&#8221; _builder_version=&#8221;4.24.0&#8243; _module_preset=&#8221;default&#8221; height=&#8221;100px&#8221; height_tablet=&#8221;8vw&#8221; height_phone=&#8221;8vw&#8221; height_last_edited=&#8221;on|phone&#8221; max_height=&#8221;2px&#8221; custom_margin=&#8221;||10px||false|false&#8221; border_color_all=&#8221;RGBA(0,0,0,0.08)&#8221; border_width_left=&#8221;2px&#8221; border_width_top_tablet=&#8221;2px&#8221; border_width_top_phone=&#8221;2px&#8221; border_width_top_last_edited=&#8221;on|phone&#8221; global_colors_info=&#8221;{}&#8221;][\/et_pb_divider][et_pb_heading title=&#8221;1970&#8243; _builder_version=&#8221;4.27.0&#8243; _module_preset=&#8221;ba4a6336-701f-47b8-bf5c-09da0ce28016&#8243; title_font=&#8221;Poppins|Poppins_weight|||||||&#8221; title_text_color=&#8221;#579ada&#8221; title_line_height=&#8221;1.3em&#8221; custom_margin=&#8221;||10px||false|false&#8221; title_font_size_tablet=&#8221;22px&#8221; title_font_size_phone=&#8221;17px&#8221; title_font_size_last_edited=&#8221;on|phone&#8221; locked=&#8221;off&#8221; global_colors_info=&#8221;{%22#579ada%22:%91%22title_text_color%22%93}&#8221;][\/et_pb_heading][et_pb_text _builder_version=&#8221;4.27.0&#8243; _module_preset=&#8221;2c55a9c4-feed-423b-9edb-ae0b5b365cac&#8221; text_text_color=&#8221;rgba(0,0,0,0.64)&#8221; quote_text_color=&#8221;#111111&#8243; header_text_color=&#8221;#111111&#8243; header_2_text_color=&#8221;#111111&#8243; header_3_text_color=&#8221;#111111&#8243; header_4_text_color=&#8221;#111111&#8243; header_5_text_color=&#8221;#111111&#8243; header_6_text_color=&#8221;#111111&#8243; custom_margin=&#8221;||30px||false|false&#8221; text_orientation_tablet=&#8221;left&#8221; text_orientation_last_edited=&#8221;off|desktop&#8221; locked=&#8221;off&#8221; global_colors_info=&#8221;{}&#8221;]Gurelesak eta Copelechek batera erosi zuten Central Lechera Alavesa (CELASA).[\/et_pb_text][\/et_pb_column][et_pb_column type=&#8221;1_4&#8243; _builder_version=&#8221;4.24.0&#8243; _module_preset=&#8221;73121f80-a3ef-4484-8763-c3f18e3c56d2&#8243; global_colors_info=&#8221;{%22gcid-7cadd8b3-5228-48e4-90c4-212d09232f7b%22:%91%22color%22,%22color%22,%22color%22,%22color%22,%22color%22,%22color%22%93,%22gcid-36fd78a7-34bc-404d-873c-dafa34efaae5%22:%91%22color%22,%22color%22,%22background_color%22,%22color%22,%22color%22,%22color%22,%22background_color%22,%22color%22%93}&#8221;][et_pb_divider show_divider=&#8221;off&#8221; _builder_version=&#8221;4.24.0&#8243; _module_preset=&#8221;default&#8221; height=&#8221;100px&#8221; height_tablet=&#8221;8vw&#8221; height_phone=&#8221;8vw&#8221; height_last_edited=&#8221;on|phone&#8221; max_height=&#8221;2px&#8221; custom_margin=&#8221;||10px||false|false&#8221; border_color_all=&#8221;RGBA(0,0,0,0.08)&#8221; border_width_left=&#8221;2px&#8221; border_width_top_tablet=&#8221;2px&#8221; border_width_top_phone=&#8221;2px&#8221; border_width_top_last_edited=&#8221;on|phone&#8221; global_colors_info=&#8221;{}&#8221;][\/et_pb_divider][et_pb_heading title=&#8221;1972&#8243; _builder_version=&#8221;4.27.0&#8243; _module_preset=&#8221;ba4a6336-701f-47b8-bf5c-09da0ce28016&#8243; title_font=&#8221;Poppins|Poppins_weight|||||||&#8221; title_text_color=&#8221;#579ada&#8221; title_line_height=&#8221;1.3em&#8221; custom_margin=&#8221;||10px||false|false&#8221; title_font_size_tablet=&#8221;22px&#8221; title_font_size_phone=&#8221;17px&#8221; title_font_size_last_edited=&#8221;on|phone&#8221; locked=&#8221;off&#8221; global_colors_info=&#8221;{%22#579ada%22:%91%22title_text_color%22%93}&#8221;][\/et_pb_heading][et_pb_text _builder_version=&#8221;4.27.0&#8243; _module_preset=&#8221;2c55a9c4-feed-423b-9edb-ae0b5b365cac&#8221; text_text_color=&#8221;rgba(0,0,0,0.64)&#8221; quote_text_color=&#8221;#111111&#8243; header_text_color=&#8221;#111111&#8243; header_2_text_color=&#8221;#111111&#8243; header_3_text_color=&#8221;#111111&#8243; header_4_text_color=&#8221;#111111&#8243; header_5_text_color=&#8221;#111111&#8243; header_6_text_color=&#8221;#111111&#8243; custom_margin=&#8221;||30px||false|false&#8221; text_orientation_tablet=&#8221;left&#8221; text_orientation_last_edited=&#8221;off|desktop&#8221; locked=&#8221;off&#8221; global_colors_info=&#8221;{}&#8221;]Lleidako Esne Zentralaren gehiengoa eskuratu zuen Gurelesak eta, azkenean, 1989an, erosi egin zuen.[\/et_pb_text][\/et_pb_column][et_pb_column type=&#8221;1_2&#8243; _builder_version=&#8221;4.24.0&#8243; _module_preset=&#8221;73121f80-a3ef-4484-8763-c3f18e3c56d2&#8243; global_colors_info=&#8221;{%22gcid-7cadd8b3-5228-48e4-90c4-212d09232f7b%22:%91%22color%22,%22color%22,%22color%22,%22color%22,%22color%22,%22color%22%93,%22gcid-36fd78a7-34bc-404d-873c-dafa34efaae5%22:%91%22color%22,%22color%22,%22background_color%22,%22color%22,%22color%22,%22color%22,%22background_color%22,%22color%22%93}&#8221;][et_pb_divider show_divider=&#8221;off&#8221; _builder_version=&#8221;4.24.0&#8243; _module_preset=&#8221;default&#8221; height=&#8221;100px&#8221; height_tablet=&#8221;8vw&#8221; height_phone=&#8221;8vw&#8221; height_last_edited=&#8221;on|phone&#8221; max_height=&#8221;2px&#8221; custom_margin=&#8221;||10px||false|false&#8221; border_color_all=&#8221;RGBA(0,0,0,0.08)&#8221; border_width_left=&#8221;2px&#8221; border_width_top_tablet=&#8221;2px&#8221; border_width_top_phone=&#8221;2px&#8221; border_width_top_last_edited=&#8221;on|phone&#8221; global_colors_info=&#8221;{}&#8221;][\/et_pb_divider][et_pb_heading title=&#8221;1975&#8243; _builder_version=&#8221;4.27.0&#8243; _module_preset=&#8221;ba4a6336-701f-47b8-bf5c-09da0ce28016&#8243; title_font=&#8221;Poppins|Poppins_weight|||||||&#8221; title_text_color=&#8221;#579ada&#8221; title_line_height=&#8221;1.3em&#8221; custom_margin=&#8221;||10px||false|false&#8221; title_font_size_tablet=&#8221;22px&#8221; title_font_size_phone=&#8221;17px&#8221; title_font_size_last_edited=&#8221;on|phone&#8221; locked=&#8221;off&#8221; global_colors_info=&#8221;{%22#579ada%22:%91%22title_text_color%22%93}&#8221;][\/et_pb_heading][et_pb_text _builder_version=&#8221;4.27.0&#8243; _module_preset=&#8221;2c55a9c4-feed-423b-9edb-ae0b5b365cac&#8221; text_text_color=&#8221;rgba(0,0,0,0.64)&#8221; quote_text_color=&#8221;#111111&#8243; header_text_color=&#8221;#111111&#8243; header_2_text_color=&#8221;#111111&#8243; header_3_text_color=&#8221;#111111&#8243; header_4_text_color=&#8221;#111111&#8243; header_5_text_color=&#8221;#111111&#8243; header_6_text_color=&#8221;#111111&#8243; custom_margin=&#8221;||30px||false|false&#8221; text_orientation_tablet=&#8221;left&#8221; text_orientation_last_edited=&#8221;off|desktop&#8221; locked=&#8221;off&#8221; global_colors_info=&#8221;{}&#8221;]Agustinoen industrialdean lantegi berria egiteko proiektuaren berri eman zuen Copelechek. Copelechek eta Gurelesak ENAQUESAn hartu zuten parte. 1979an, GUREBEY eratu zuten (Beyenak % 45, Gurelesak % 45 eta Baserritarren Bizkaiko Kutxak % 10) esne aseptikoa egiteko.[\/et_pb_text][\/et_pb_column][\/et_pb_row][\/et_pb_section][et_pb_section fb_built=&#8221;1&#8243; _builder_version=&#8221;4.27.0&#8243; _module_preset=&#8221;default&#8221; custom_padding=&#8221;0px||0px||true|false&#8221; global_colors_info=&#8221;{}&#8221;][et_pb_row column_structure=&#8221;1_2,1_2&#8243; use_custom_gutter=&#8221;on&#8221; gutter_width=&#8221;2&#8243; make_equal=&#8221;on&#8221; _builder_version=&#8221;4.27.0&#8243; _module_preset=&#8221;default&#8221; global_colors_info=&#8221;{}&#8221;][et_pb_column type=&#8221;1_2&#8243; _builder_version=&#8221;4.27.0&#8243; _module_preset=&#8221;default&#8221; global_colors_info=&#8221;{}&#8221;][et_pb_image src=&#8221;https:\/\/cooperativakaiku.es\/wp-content\/uploads\/2024\/08\/bus-gurelesa.jpg&#8221; alt=&#8221;autobus-gurelesa&#8221; title_text=&#8221;autobus-gurelesa&#8221; _builder_version=&#8221;4.27.0&#8243; _module_preset=&#8221;default&#8221; global_colors_info=&#8221;{}&#8221;][\/et_pb_image][\/et_pb_column][et_pb_column type=&#8221;1_2&#8243; _builder_version=&#8221;4.27.0&#8243; _module_preset=&#8221;default&#8221; global_colors_info=&#8221;{}&#8221;][et_pb_image src=&#8221;https:\/\/cooperativakaiku.es\/wp-content\/uploads\/2024\/08\/camion-gurelesa.jpg&#8221; title_text=&#8221;gurelesa kamioia&#8221; _builder_version=&#8221;4.27.0&#8243; _module_preset=&#8221;default&#8221; locked=&#8221;off&#8221; global_colors_info=&#8221;{}&#8221;][\/et_pb_image][\/et_pb_column][\/et_pb_row][\/et_pb_section][et_pb_section fb_built=&#8221;1&#8243; admin_label=&#8221;Features&#8221; _builder_version=&#8221;4.27.0&#8243; _module_preset=&#8221;default&#8221; custom_padding=&#8221;||200px||false|false&#8221; locked=&#8221;off&#8221; collapsed=&#8221;off&#8221; global_colors_info=&#8221;{}&#8221;][et_pb_row column_structure=&#8221;3_5,2_5&#8243; make_equal=&#8221;on&#8221; _builder_version=&#8221;4.27.0&#8243; _module_preset=&#8221;5138c454-be54-4233-bd3b-f8e6a8747976&#8243; custom_margin=&#8221;||2rem||false|false&#8221; custom_padding=&#8221;||0px||false|false&#8221; locked=&#8221;off&#8221; global_colors_info=&#8221;{}&#8221;][et_pb_column type=&#8221;3_5&#8243; _builder_version=&#8221;4.18.0&#8243; _module_preset=&#8221;73121f80-a3ef-4484-8763-c3f18e3c56d2&#8243; global_colors_info=&#8221;{}&#8221;][et_pb_heading title=&#8221;Europako Ekonomia Erkidegoan sartzea&#8221; _builder_version=&#8221;4.27.4&#8243; _module_preset=&#8221;c33f07d9-41e0-421a-8799-5799df695cce&#8221; title_font=&#8221;Poppins|Poppins_weight|||||||&#8221; title_text_align=&#8221;left&#8221; title_text_color=&#8221;#111111&#8243; title_line_height=&#8221;1.2em&#8221; custom_margin=&#8221;||10px||false|false&#8221; hover_enabled=&#8221;0&#8243; title_text_align_tablet=&#8221;center&#8221; title_text_align_phone=&#8221;left&#8221; title_text_align_last_edited=&#8221;on|phone&#8221; title_font_size_tablet=&#8221;28px&#8221; title_font_size_phone=&#8221;6vw&#8221; title_font_size_last_edited=&#8221;on|phone&#8221; locked=&#8221;off&#8221; global_colors_info=&#8221;{}&#8221; sticky_enabled=&#8221;0&#8243;][\/et_pb_heading][et_pb_text _builder_version=&#8221;4.27.0&#8243; _module_preset=&#8221;2c55a9c4-feed-423b-9edb-ae0b5b365cac&#8221; ul_line_height=&#8221;1.6em&#8221; locked=&#8221;off&#8221; global_colors_info=&#8221;{}&#8221;]<\/p>\n<p>1986an, herrialdea EEEra sartzeak eta erkidegoko politikak ezartzeak berehalako ondorioak izan zituen sektorearentzat: Kuota Sistemaren ezarpena, nekazariei gutxieneko erosketa prezioa ezabatzea eta esne desinfektatuaren salmentarako administrazio-emakida desagertzea.<\/p>\n<p>Horrez gain, Europan ekoitzi eta ontziratutako esne soberakina sartzeko mugak ere zabaldu ziren.<\/p>\n<p>1988an, Gurelesa, Copeleche, Beyena eta Celasa esnetegien artean, baita Euskadiko eta Navarreko gobernuko agintarien artean ere, industrien bat-egitearen aukera aztertzeko negoziazioak hasi ziren. Esnea jasotzeko, industrializatzeko eta saltzeko ekoizpen-prozesuan esku hartzen duten alderdiak arrazionalizatzea, koordinatzea eta sinplifikatzea zen helburua. <\/p>\n<p>[\/et_pb_text][\/et_pb_column][et_pb_column type=&#8221;2_5&#8243; _builder_version=&#8221;4.25.1&#8243; _module_preset=&#8221;92716280-2ae8-4a3a-8254-2d5a51101853&#8243; background_enable_color=&#8221;off&#8221; custom_padding=&#8221;||||true|true&#8221; custom_padding_tablet=&#8221;30px|30px|30px|30px|true|true&#8221; custom_padding_phone=&#8221;20px|20px|20px|20px|true|true&#8221; custom_padding_last_edited=&#8221;on|desktop&#8221; animation_style=&#8221;slide&#8221; animation_direction=&#8221;right&#8221; global_colors_info=&#8221;{}&#8221;][et_pb_image src=&#8221;https:\/\/cooperativakaiku.es\/wp-content\/uploads\/2024\/08\/edificio-kaiku.jpg&#8221; alt=&#8221;kaiku eraikina&#8221; title_text=&#8221;kaiku eraikina&#8221; force_fullwidth=&#8221;on&#8221; _builder_version=&#8221;4.27.0&#8243; _module_preset=&#8221;default&#8221; global_colors_info=&#8221;{}&#8221;][\/et_pb_image][\/et_pb_column][\/et_pb_row][et_pb_row make_equal=&#8221;on&#8221; _builder_version=&#8221;4.27.0&#8243; _module_preset=&#8221;5138c454-be54-4233-bd3b-f8e6a8747976&#8243; custom_margin=&#8221;||2rem||false|false&#8221; custom_padding=&#8221;0px||||false|false&#8221; locked=&#8221;off&#8221; global_colors_info=&#8221;{}&#8221;][et_pb_column type=&#8221;4_4&#8243; _builder_version=&#8221;4.18.0&#8243; _module_preset=&#8221;73121f80-a3ef-4484-8763-c3f18e3c56d2&#8243; global_colors_info=&#8221;{}&#8221;][et_pb_text _builder_version=&#8221;4.27.0&#8243; _module_preset=&#8221;2c55a9c4-feed-423b-9edb-ae0b5b365cac&#8221; ul_line_height=&#8221;1.6em&#8221; locked=&#8221;off&#8221; global_colors_info=&#8221;{}&#8221;]<\/p>\n<p>1989. urtea izan zen kudeaketa bateratuaren lehen urtea, Kaiku marka taldearen enpresa nagusi gisa ezarri zenean.<\/p>\n<p>1990ean, Arrasateko LANA kooperatibarekin akordio bat sinatu zen bere behi-esne likidoaren dibisioa integratzeko, eta, aldi berean, bazkideei Gurelesan sartzeko aukera eskaini zitzaien.<\/p>\n<p>1992an GURELESA, CELASA eta CLEDEL xurgatu zituen IPARLATek, garai batean INLENA zenak.<\/p>\n<p id=\"u8810-121\">1995ean, Europako teknologia aurreratuena zuen fabrika inauguratu zen Urnietan. Brik formatuko UHT esnearen ekoizpen guztia biltzen zen bertan. <\/p>\n<p id=\"u8810-122\">\n<p id=\"u8810-124\">1995ean, Iparlatek Tabacalerari erosi zizkion Lactaria Espa\u00f1olak Renedo de Pi\u00e9lagosen (Bilbon, Bizkaiko Esne Zentrala (ONA)) eta Logro\u00f1on dituen instalazioak. Handik urte batzuetara, industriaren birmoldaketa prozesuan, itxi egin zituzten Bilboko eta Logro\u00f1oko instalazioak. Celasa eta Cledel ere itxita zeuden lehenagotik. <\/p>\n<p id=\"u8810-125\">\n<p id=\"u8810-127\">Azkenik, Iparlaten egitura sozietarioa honako hauek osatzen zuten: Kaiku, Agrocantabria eta Lleters de Catalunya abeltzainen kooperatibek; Nafarroako Rural Kutxa, Iparkutxa eta Kantabriako Kutxa finantza-erakundeek; eta Socade eta Sodercan garapen-erakundeek.<\/p>\n<p>[\/et_pb_text][\/et_pb_column][\/et_pb_row][et_pb_row _builder_version=&#8221;4.27.4&#8243; _module_preset=&#8221;default&#8221; global_colors_info=&#8221;{}&#8221;][et_pb_column type=&#8221;4_4&#8243; _builder_version=&#8221;4.27.0&#8243; _module_preset=&#8221;default&#8221; global_colors_info=&#8221;{}&#8221;][et_pb_image src=&#8221;https:\/\/cooperativakaiku.es\/wp-content\/uploads\/2025\/05\/integracion_cooperativas-ganaderos.png&#8221; alt=&#8221;Kaikuko Batzar Nagusia&#8221; title_text=&#8221;integrazio_abeltzaintza_kooperatibak&#8221; _builder_version=&#8221;4.27.4&#8243; _module_preset=&#8221;default&#8221; global_colors_info=&#8221;{}&#8221;][\/et_pb_image][\/et_pb_column][\/et_pb_row][et_pb_row make_equal=&#8221;on&#8221; _builder_version=&#8221;4.27.0&#8243; _module_preset=&#8221;5138c454-be54-4233-bd3b-f8e6a8747976&#8243; custom_margin=&#8221;||2rem||false|false&#8221; custom_padding=&#8221;||0px||false|false&#8221; locked=&#8221;off&#8221; global_colors_info=&#8221;{}&#8221;][et_pb_column type=&#8221;4_4&#8243; _builder_version=&#8221;4.18.0&#8243; _module_preset=&#8221;73121f80-a3ef-4484-8763-c3f18e3c56d2&#8243; global_colors_info=&#8221;{}&#8221;][et_pb_heading title=&#8221;Abeltzainen kooperatiben integrazioa&#8221; _builder_version=&#8221;4.27.0&#8243; _module_preset=&#8221;c33f07d9-41e0-421a-8799-5799df695cce&#8221; title_font=&#8221;Poppins|Poppins_weight|||||||&#8221; title_text_align=&#8221;center&#8221; title_text_color=&#8221;#111111&#8243; title_line_height=&#8221;1.2em&#8221; custom_margin=&#8221;||10px||false|false&#8221; title_text_align_tablet=&#8221;center&#8221; title_text_align_phone=&#8221;left&#8221; title_text_align_last_edited=&#8221;on|phone&#8221; title_font_size_tablet=&#8221;28px&#8221; title_font_size_phone=&#8221;6vw&#8221; title_font_size_last_edited=&#8221;on|phone&#8221; locked=&#8221;off&#8221; global_colors_info=&#8221;{}&#8221;][\/et_pb_heading][et_pb_text _builder_version=&#8221;4.27.0&#8243; _module_preset=&#8221;2c55a9c4-feed-423b-9edb-ae0b5b365cac&#8221; ul_line_height=&#8221;1.6em&#8221; locked=&#8221;off&#8221; global_colors_info=&#8221;{}&#8221;]Gurelesa eta Copelechek fusioa aztertzea planteatu zuten, baserritar bazkide guztiak \u2014zentraletara esnea hornitzen zutenak\u2014 kooperatiba bakar batean eta baldintza berdinetan afiliatuta egon zitezen.<\/p>\n<p>1999an eman zuten lehen urratsa norabide horretan: Kaiku 2. mailako kooperatiba sortu zuten Gurelesaren eta Copelecheren artean.<\/p>\n<p>2009ko ekainean, kooperatibek egindako ezohiko batzarretan bat-egitea eta Kaiku Kooperatiba eratzea onartu zuten.<\/p>\n<p>2009ko abenduaren 30ean, Iru\u00f1ean Kaiku Kooperatibako lehen mailako lehenengo ezhoizko batzarra ospatu zen.[\/et_pb_text][\/et_pb_column][\/et_pb_row][\/et_pb_section]<\/p>\n","protected":false},"excerpt":{"rendered":"<p>KOOPERATIBEN ETA ESNEKI ZENTROEN JATORRIA1952. urteak, 25.000 biztanle baino gehiagoko udalerrietan esne-ustiategiak sortzeari buruzko apirilaren 18ko Dekretuak, esne-ustiategien sektorearen eta esne-industriaren etorkizuna markatu zuen. Helburuak: Tokiko kontsumorako zuzendutako esne guztia zentralizatu eta hautatzeko iragazki sanitario gisa jardun. Hornidura urte osoan bermatzea. Kontsumitzaileari higiene-bermeak dituen esne garbi eta seguruaren hornidura erregularra bermatzea. Prezioak arautu, esnearen kalitatean [&hellip;]<\/p>\n","protected":false},"author":1,"featured_media":0,"parent":0,"menu_order":0,"comment_status":"closed","ping_status":"closed","template":"","meta":{"_et_pb_use_builder":"on","_et_pb_old_content":"","_et_gb_content_width":"","footnotes":""},"class_list":["post-696","page","type-page","status-publish","hentry"],"yoast_head":"<!-- This site is optimized with the Yoast SEO plugin v27.2 - https:\/\/yoast.com\/product\/yoast-seo-wordpress\/ -->\n<title>Gure Historia Xehetasunetan - Kaiku Sociedad Cooperativa<\/title>\n<meta name=\"robots\" content=\"index, follow, max-snippet:-1, max-image-preview:large, max-video-preview:-1\" \/>\n<link rel=\"canonical\" href=\"https:\/\/cooperativakaiku.es\/eu\/gure-historia-xehetasunetan\/\" \/>\n<meta property=\"og:locale\" content=\"eu_ES\" \/>\n<meta property=\"og:type\" content=\"article\" \/>\n<meta property=\"og:title\" content=\"Gure Historia Xehetasunetan - Kaiku Sociedad Cooperativa\" \/>\n<meta property=\"og:description\" content=\"KOOPERATIBEN ETA ESNEKI ZENTROEN JATORRIA1952. urteak, 25.000 biztanle baino gehiagoko udalerrietan esne-ustiategiak sortzeari buruzko apirilaren 18ko Dekretuak, esne-ustiategien sektorearen eta esne-industriaren etorkizuna markatu zuen. Helburuak: Tokiko kontsumorako zuzendutako esne guztia zentralizatu eta hautatzeko iragazki sanitario gisa jardun. Hornidura urte osoan bermatzea. Kontsumitzaileari higiene-bermeak dituen esne garbi eta seguruaren hornidura erregularra bermatzea. Prezioak arautu, esnearen kalitatean [&hellip;]\" \/>\n<meta property=\"og:url\" content=\"https:\/\/cooperativakaiku.es\/eu\/gure-historia-xehetasunetan\/\" \/>\n<meta property=\"og:site_name\" content=\"Kaiku Sociedad Cooperativa\" \/>\n<meta property=\"article:modified_time\" content=\"2025-11-20T12:00:45+00:00\" \/>\n<meta name=\"twitter:card\" content=\"summary_large_image\" \/>\n<meta name=\"twitter:label1\" content=\"Est. reading time\" \/>\n\t<meta name=\"twitter:data1\" content=\"24 minutes\" \/>\n<script type=\"application\/ld+json\" class=\"yoast-schema-graph\">{\"@context\":\"https:\/\/schema.org\",\"@graph\":[{\"@type\":\"WebPage\",\"@id\":\"https:\/\/cooperativakaiku.es\/eu\/gure-historia-xehetasunetan\/\",\"url\":\"https:\/\/cooperativakaiku.es\/eu\/gure-historia-xehetasunetan\/\",\"name\":\"Gure Historia Xehetasunetan - Kaiku Sociedad Cooperativa\",\"isPartOf\":{\"@id\":\"https:\/\/cooperativakaiku.es\/eu\/#website\"},\"datePublished\":\"2024-08-27T11:59:49+00:00\",\"dateModified\":\"2025-11-20T12:00:45+00:00\",\"breadcrumb\":{\"@id\":\"https:\/\/cooperativakaiku.es\/eu\/gure-historia-xehetasunetan\/#breadcrumb\"},\"inLanguage\":\"eu-ES\",\"potentialAction\":[{\"@type\":\"ReadAction\",\"target\":[\"https:\/\/cooperativakaiku.es\/eu\/gure-historia-xehetasunetan\/\"]}]},{\"@type\":\"BreadcrumbList\",\"@id\":\"https:\/\/cooperativakaiku.es\/eu\/gure-historia-xehetasunetan\/#breadcrumb\",\"itemListElement\":[{\"@type\":\"ListItem\",\"position\":1,\"name\":\"Portada\",\"item\":\"https:\/\/cooperativakaiku.es\/eu\/\"},{\"@type\":\"ListItem\",\"position\":2,\"name\":\"Gure Historia Xehetasunetan\"}]},{\"@type\":\"WebSite\",\"@id\":\"https:\/\/cooperativakaiku.es\/eu\/#website\",\"url\":\"https:\/\/cooperativakaiku.es\/eu\/\",\"name\":\"Kaiku Sociedad Cooperativa\",\"description\":\"Gure lurra, konpainia onena\",\"publisher\":{\"@id\":\"https:\/\/cooperativakaiku.es\/eu\/#organization\"},\"alternateName\":\"Cooperativa Kaiku\",\"potentialAction\":[{\"@type\":\"SearchAction\",\"target\":{\"@type\":\"EntryPoint\",\"urlTemplate\":\"https:\/\/cooperativakaiku.es\/eu\/?s={search_term_string}\"},\"query-input\":{\"@type\":\"PropertyValueSpecification\",\"valueRequired\":true,\"valueName\":\"search_term_string\"}}],\"inLanguage\":\"eu-ES\"},{\"@type\":\"Organization\",\"@id\":\"https:\/\/cooperativakaiku.es\/eu\/#organization\",\"name\":\"Kaiku Sociedad Cooperativa\",\"alternateName\":\"Cooperativa Kaiku\",\"url\":\"https:\/\/cooperativakaiku.es\/eu\/\",\"logo\":{\"@type\":\"ImageObject\",\"inLanguage\":\"eu-ES\",\"@id\":\"https:\/\/cooperativakaiku.es\/eu\/#\/schema\/logo\/image\/\",\"url\":\"https:\/\/cooperativakaiku.es\/wp-content\/uploads\/2024\/08\/logo-kaiku-coop-negro.jpg\",\"contentUrl\":\"https:\/\/cooperativakaiku.es\/wp-content\/uploads\/2024\/08\/logo-kaiku-coop-negro.jpg\",\"width\":300,\"height\":213,\"caption\":\"Kaiku Sociedad Cooperativa\"},\"image\":{\"@id\":\"https:\/\/cooperativakaiku.es\/eu\/#\/schema\/logo\/image\/\"}}]}<\/script>\n<!-- \/ Yoast SEO plugin. -->","yoast_head_json":{"title":"Gure Historia Xehetasunetan - Kaiku Sociedad Cooperativa","robots":{"index":"index","follow":"follow","max-snippet":"max-snippet:-1","max-image-preview":"max-image-preview:large","max-video-preview":"max-video-preview:-1"},"canonical":"https:\/\/cooperativakaiku.es\/eu\/gure-historia-xehetasunetan\/","og_locale":"eu_ES","og_type":"article","og_title":"Gure Historia Xehetasunetan - Kaiku Sociedad Cooperativa","og_description":"KOOPERATIBEN ETA ESNEKI ZENTROEN JATORRIA1952. urteak, 25.000 biztanle baino gehiagoko udalerrietan esne-ustiategiak sortzeari buruzko apirilaren 18ko Dekretuak, esne-ustiategien sektorearen eta esne-industriaren etorkizuna markatu zuen. Helburuak: Tokiko kontsumorako zuzendutako esne guztia zentralizatu eta hautatzeko iragazki sanitario gisa jardun. Hornidura urte osoan bermatzea. Kontsumitzaileari higiene-bermeak dituen esne garbi eta seguruaren hornidura erregularra bermatzea. Prezioak arautu, esnearen kalitatean [&hellip;]","og_url":"https:\/\/cooperativakaiku.es\/eu\/gure-historia-xehetasunetan\/","og_site_name":"Kaiku Sociedad Cooperativa","article_modified_time":"2025-11-20T12:00:45+00:00","twitter_card":"summary_large_image","twitter_misc":{"Est. reading time":"24 minutes"},"schema":{"@context":"https:\/\/schema.org","@graph":[{"@type":"WebPage","@id":"https:\/\/cooperativakaiku.es\/eu\/gure-historia-xehetasunetan\/","url":"https:\/\/cooperativakaiku.es\/eu\/gure-historia-xehetasunetan\/","name":"Gure Historia Xehetasunetan - Kaiku Sociedad Cooperativa","isPartOf":{"@id":"https:\/\/cooperativakaiku.es\/eu\/#website"},"datePublished":"2024-08-27T11:59:49+00:00","dateModified":"2025-11-20T12:00:45+00:00","breadcrumb":{"@id":"https:\/\/cooperativakaiku.es\/eu\/gure-historia-xehetasunetan\/#breadcrumb"},"inLanguage":"eu-ES","potentialAction":[{"@type":"ReadAction","target":["https:\/\/cooperativakaiku.es\/eu\/gure-historia-xehetasunetan\/"]}]},{"@type":"BreadcrumbList","@id":"https:\/\/cooperativakaiku.es\/eu\/gure-historia-xehetasunetan\/#breadcrumb","itemListElement":[{"@type":"ListItem","position":1,"name":"Portada","item":"https:\/\/cooperativakaiku.es\/eu\/"},{"@type":"ListItem","position":2,"name":"Gure Historia Xehetasunetan"}]},{"@type":"WebSite","@id":"https:\/\/cooperativakaiku.es\/eu\/#website","url":"https:\/\/cooperativakaiku.es\/eu\/","name":"Kaiku Sociedad Cooperativa","description":"Gure lurra, konpainia onena","publisher":{"@id":"https:\/\/cooperativakaiku.es\/eu\/#organization"},"alternateName":"Cooperativa Kaiku","potentialAction":[{"@type":"SearchAction","target":{"@type":"EntryPoint","urlTemplate":"https:\/\/cooperativakaiku.es\/eu\/?s={search_term_string}"},"query-input":{"@type":"PropertyValueSpecification","valueRequired":true,"valueName":"search_term_string"}}],"inLanguage":"eu-ES"},{"@type":"Organization","@id":"https:\/\/cooperativakaiku.es\/eu\/#organization","name":"Kaiku Sociedad Cooperativa","alternateName":"Cooperativa Kaiku","url":"https:\/\/cooperativakaiku.es\/eu\/","logo":{"@type":"ImageObject","inLanguage":"eu-ES","@id":"https:\/\/cooperativakaiku.es\/eu\/#\/schema\/logo\/image\/","url":"https:\/\/cooperativakaiku.es\/wp-content\/uploads\/2024\/08\/logo-kaiku-coop-negro.jpg","contentUrl":"https:\/\/cooperativakaiku.es\/wp-content\/uploads\/2024\/08\/logo-kaiku-coop-negro.jpg","width":300,"height":213,"caption":"Kaiku Sociedad Cooperativa"},"image":{"@id":"https:\/\/cooperativakaiku.es\/eu\/#\/schema\/logo\/image\/"}}]}},"_links":{"self":[{"href":"https:\/\/cooperativakaiku.es\/eu\/wp-json\/wp\/v2\/pages\/696","targetHints":{"allow":["GET"]}}],"collection":[{"href":"https:\/\/cooperativakaiku.es\/eu\/wp-json\/wp\/v2\/pages"}],"about":[{"href":"https:\/\/cooperativakaiku.es\/eu\/wp-json\/wp\/v2\/types\/page"}],"author":[{"embeddable":true,"href":"https:\/\/cooperativakaiku.es\/eu\/wp-json\/wp\/v2\/users\/1"}],"replies":[{"embeddable":true,"href":"https:\/\/cooperativakaiku.es\/eu\/wp-json\/wp\/v2\/comments?post=696"}],"version-history":[{"count":3,"href":"https:\/\/cooperativakaiku.es\/eu\/wp-json\/wp\/v2\/pages\/696\/revisions"}],"predecessor-version":[{"id":851,"href":"https:\/\/cooperativakaiku.es\/eu\/wp-json\/wp\/v2\/pages\/696\/revisions\/851"}],"wp:attachment":[{"href":"https:\/\/cooperativakaiku.es\/eu\/wp-json\/wp\/v2\/media?parent=696"}],"curies":[{"name":"wp","href":"https:\/\/api.w.org\/{rel}","templated":true}]}}